{"version":"1.0","provider_name":"Udeu","provider_url":"https:\/\/www.udeu.net\/es\/","author_name":"udeu","author_url":"https:\/\/www.udeu.net\/es\/author\/udeu\/","title":"Exposici\u00f3n en el MMB - Udeu Arquitectura","type":"rich","width":600,"height":338,"html":"<blockquote class=\"wp-embedded-content\" data-secret=\"RGqCv6vC1S\"><a href=\"https:\/\/www.udeu.net\/es\/noticia\/viatge-mar-enlla-en-el-mmb\/\">Exposici\u00f3n en el MMB<\/a><\/blockquote><iframe sandbox=\"allow-scripts\" security=\"restricted\" src=\"https:\/\/www.udeu.net\/es\/noticia\/viatge-mar-enlla-en-el-mmb\/embed\/#?secret=RGqCv6vC1S\" width=\"600\" height=\"338\" title=\"\u00abExposici\u00f3n en el MMB\u00bb \u2014 Udeu\" data-secret=\"RGqCv6vC1S\" frameborder=\"0\" marginwidth=\"0\" marginheight=\"0\" scrolling=\"no\" class=\"wp-embedded-content\"><\/iframe><script>\n\/*! This file is auto-generated *\/\n!function(d,l){\"use strict\";l.querySelector&&d.addEventListener&&\"undefined\"!=typeof URL&&(d.wp=d.wp||{},d.wp.receiveEmbedMessage||(d.wp.receiveEmbedMessage=function(e){var t=e.data;if((t||t.secret||t.message||t.value)&&!\/[^a-zA-Z0-9]\/.test(t.secret)){for(var s,r,n,a=l.querySelectorAll('iframe[data-secret=\"'+t.secret+'\"]'),o=l.querySelectorAll('blockquote[data-secret=\"'+t.secret+'\"]'),c=new RegExp(\"^https?:$\",\"i\"),i=0;i<o.length;i++)o[i].style.display=\"none\";for(i=0;i<a.length;i++)s=a[i],e.source===s.contentWindow&&(s.removeAttribute(\"style\"),\"height\"===t.message?(1e3<(r=parseInt(t.value,10))?r=1e3:~~r<200&&(r=200),s.height=r):\"link\"===t.message&&(r=new URL(s.getAttribute(\"src\")),n=new URL(t.value),c.test(n.protocol))&&n.host===r.host&&l.activeElement===s&&(d.top.location.href=t.value))}},d.addEventListener(\"message\",d.wp.receiveEmbedMessage,!1),l.addEventListener(\"DOMContentLoaded\",function(){for(var e,t,s=l.querySelectorAll(\"iframe.wp-embedded-content\"),r=0;r<s.length;r++)(t=(e=s[r]).getAttribute(\"data-secret\"))||(t=Math.random().toString(36).substring(2,12),e.src+=\"#?secret=\"+t,e.setAttribute(\"data-secret\",t)),e.contentWindow.postMessage({message:\"ready\",secret:t},\"*\")},!1)))}(window,document);\n\/\/# sourceURL=https:\/\/www.udeu.net\/webwp\/wp-includes\/js\/wp-embed.min.js\n<\/script>\n","thumbnail_url":"http:\/\/www.udeu.net\/webwp\/wp-content\/uploads\/2010\/12\/exposici\u00f3_museu_mar\u00edtim_via.jpg","thumbnail_width":970,"thumbnail_height":600,"description":"Hoy se ha inaugurado la exposici\u00f3n temporal Viatge mar enll\u00e0\u00a0en\u00a0la sala Capmany del Museu Mar\u00ed\u00adtim de Barcelona, que nuestro estudio ha dise\u00f1ado.La exposici\u00f3n estar\u00e1 abierta al p\u00fablico del 22 de diciembre de 2010 hasta el 31 de diciembre de 2011."}